{"id":4156,"date":"2021-06-14T15:49:27","date_gmt":"2021-06-14T15:49:27","guid":{"rendered":"https:\/\/site.104-131-161-168.plesk.page\/?post_type=eventos&#038;p=4156"},"modified":"2021-07-26T21:14:36","modified_gmt":"2021-07-26T21:14:36","slug":"peace-road","status":"publish","type":"eventos","link":"https:\/\/ong.acercandonaciones.com\/index.php\/eventos\/peace-road\/","title":{"rendered":"Ruta de la Paz"},"content":{"rendered":"\n<h2 class=\"wp-block-heading\">Peace Road 2017<em><strong> <\/strong>\u00abArgentina unida y Solidaria\u00bb<\/em><\/h2>\n\n\n\n<p>La Peace Road (Ruta de la Paz) es una iniciativa global de paz que busca conectar a todos los pueblos del mundo. <br>Promueve la resoluci\u00f3n pac\u00edfica de conflictos, el acercamiento de etnias y naciones, y el entendimiento de culturas y religiones. <br>Propicia m\u00e1s cooperaci\u00f3n Norte-Sur y Oriente-Occidente, y un mayor compromiso de la comunidad internacional para solucionar problem\u00e1ticas locales y mundiales. <br>Incluye la reunificaci\u00f3n pac\u00edfica de Corea y la instalaci\u00f3n de la quinta sede de la ONU en Asia. Proyecta la Carretera Internacional de Paz, con nuevas rutas y caminos, que permitan viajar por tierra desde el Cabo de Buena Esperanza (Sud\u00e1frica) hasta Santiago de Chile, vinculando a Corea y Jap\u00f3n a trav\u00e9s de un t\u00fanel y a EEUU-Rusia con un puente-t\u00fanel en el Estrecho de Bering. A tal fin se realizan encuentros y marchas alrededor del mundo, sean caminatas, bicicleteadas, etc., con los lemas \u201cconectar el mundo a trav\u00e9s de la paz\u201d y \u201crealizar el sue\u00f1o de una familia global\u201d. La Peace Road, que a nivel global inici\u00f3 en el 2013, espera concretar encuentros y marchas en m\u00e1s de 120 pa\u00edses en la edici\u00f3n 2018. Argentina comenz\u00f3 a sumarse a esta campa\u00f1a anual mundial en el 2015, con caminatas y bicicleteadas por la ciudad de Buenos Aires. Los lemas en las diferentes ediciones fueron \u201cPor la Paz y unidad nacional\u201d (2015), \u201cUna Argentina en el Bicentenario\u201d (2016) y \u201cArgentina unida y solidaria\u201d (2017).<br>Ver mas <a href=\"https:\/\/acercandonaciones.com\/peace-road-caminata-por-la-paz-27102018__bPgElk12Zk \">https:\/\/acercandonaciones.com\/peace-road-caminata-por-la-paz-27102018__bPgElk12Zk <\/a><\/p>\n\n\n\n<p><\/p>\n\n\n\n<h2 class=\"wp-block-heading\">Peace Road 2019 &nbsp;<strong><em>\u201cNo hay camino hacia la paz, la paz es el camino\u201d<\/em><\/strong><\/h2>\n\n\n\n<p>En el siglo IV un escritor romano, que como tantos que se dicen racionales y pragm\u00e1ticos, sentenciaba, \u201csi quieres la paz prep\u00e1rate para la Guerra\u201d.<\/p>\n\n\n\n<p>Este paradigma a\u00fan hoy est\u00e1 en la formaci\u00f3n de gran parte de la poblaci\u00f3n mundial, ni hablar de los L\u00edderes de las Naciones, que siguiendo ayer y hoy esa l\u00ednea de pensamiento, prefieren dar al hambre de sus Pueblos o de sus vecinos, ca\u00f1ones y misiles antes que pan, y se ufanan de con ello preservar la soberan\u00eda y la identidad nacional.<\/p>\n\n\n\n<p>M\u00e1s cuando, quien esto escribe, lee esos encendidos discursos y diatribas, recuerda que Gandhi, quien revolucion\u00f3 la India y la liber\u00f3 del yugo colonialista, lo hizo sin disparar un solo\u00a0 tiro, porque<br><a href=\"https:\/\/acercandonaciones.com\/peace-road-2019-capitulo-argentina-13112019__AYwlbYLng9\">https:\/\/acercandonaciones.com\/peace-road-2019-capitulo-argentina-13112019__AYwlbYLng9<\/a><\/p>\n\n\n\n<div class=\"wp-block-image\"><figure class=\"aligncenter size-full\"><img loading=\"lazy\" decoding=\"async\" width=\"940\" height=\"788\" src=\"https:\/\/an.site.104-131-161-168.plesk.page\/wp-content\/uploads\/2021\/07\/promo-Peace.jpg\" alt=\"\" class=\"wp-image-5347\" srcset=\"https:\/\/ong.acercandonaciones.com\/wp-content\/uploads\/2021\/07\/promo-Peace.jpg 940w, https:\/\/ong.acercandonaciones.com\/wp-content\/uploads\/2021\/07\/promo-Peace-300x251.jpg 300w, https:\/\/ong.acercandonaciones.com\/wp-content\/uploads\/2021\/07\/promo-Peace-600x503.jpg 600w, https:\/\/ong.acercandonaciones.com\/wp-content\/uploads\/2021\/07\/promo-Peace-768x644.jpg 768w\" sizes=\"auto, (max-width: 940px) 100vw, 940px\" \/><\/figure><\/div>\n\n\n\n<h2 class=\"has-text-align-left wp-block-heading\">Peace Road 2020 <em>\u201cEl mundo a trav\u00e9s de la paz\u201d<\/em><\/h2>\n\n\n\n<p>\u201cUna Argentina a trav\u00e9s de la Paz\u201d:<br>\u201cCaminata virtual\u201d por las provincias<br>Domingo 29 de noviembre: 11.00 horas \u2013 Previa 10.30 horas<br>Con mensajes de solidaridad y ecol\u00f3gicos, art\u00edstico-culturales e interreligiosos<br>Transmisi\u00f3n por YouTube y Facebook: UPF Argentina<\/p>\n\n\n\n<p>\u201cUna Argentina a trav\u00e9s de la Paz\u201d es el lema de la sexta edici\u00f3n en el pa\u00eds de la Ruta de la Paz 2020, que en las actuales condiciones de aislamiento social propone una \u201ccaminata virtual\u201d por las provincias, el domingo 29 de noviembre. Con apertura de la jornada a las 11.00 horas desde la capital (previa desde las 10.30 horas) y que luego emprender\u00e1 un recorrido de norte a sur con mensajes de Paz y Esperanza de cada provincia, con las caracter\u00edsticas y riqueza cultural y belleza natural de cada regi\u00f3n, con anclaje en lo solidario, lo ecol\u00f3gico, lo art\u00edstico o la diversidad cultural o interreligiosa.<br><a href=\"https:\/\/acercandonaciones.com\/peace-road-el-mundo-a-traves-de-la-paz-25112020__Kp23pWxago\">https:\/\/acercandonaciones.com\/peace-road-el-mundo-a-traves-de-la-paz-25112020__Kp23pWxago<\/a><\/p>\n\n\n\n<p><\/p>\n\n\n\n<h2 class=\"wp-block-heading\">Una <em>\u201cRuta de Paz\u201d en la \u201cera del Pac\u00edfico\u201d<\/em><\/h2>\n\n\n\n<p>Entonces, \u00bfc\u00f3mo trascender las antiguas l\u00f3gicas militares, pujas comerciales, imposiciones ideol\u00f3gicas e imperativos religiosos del pasado y del presente globalizado ante una nueva era y frente a los desaf\u00edos, las problem\u00e1ticas y cambios que acelera este tiempo en el actual contexto de coronavirus?<\/p>\n\n\n\n<p>\u00bfSer\u00e1 posible pensar en t\u00e9rminos geopol\u00edticos y cotidianos pr\u00e1cticos aquel c\u00e9lebre pensamiento de Einstein para resolver viejas rencillas y conflictos?: \u201cLos problemas no se pueden solucionar en el mismo nivel de conciencia en el que fueron creados\u201d<\/p>\n\n\n\n<p>Por <strong>Miguel Werner,<\/strong> Bios* Licenciado en Comunicaci\u00f3n Social<br>La Sociedad de las Naciones o Liga de Naciones fue concebida en 1919 tras la primera guerra mundial, por el Tratado de Versalles, entre los pa\u00edses Aliados y Alemania: \u201ca fin de desarrollar la cooperaci\u00f3n entre las naciones y garantizarles la paz y la seguridad\u201d (1). La misma ces\u00f3 con el advenimiento de la segunda guerra mundial, que a su fin alumbr\u00f3 la Organizaci\u00f3n de las Naciones Unidas (ONU).<\/p>\n\n\n\n<p>La ONU manifiesta expresamente como objetivo en su carta fundacional: \u201cpreservar a las generaciones venideras del flagelo de la guerra que dos veces durante nuestra vida ha infligido a la humanidad sufrimientos indecibles\u201d, firmada por medio centenar de pa\u00edses en 1945, en San Francisco (EEUU) (2). Con sede central en Nueva York (Estados Unidos) y oficinas en Ginebra (Suiza), Nairobi (Kenia) y Viena (Austria).<\/p>\n\n\n\n<p>Hoy con casi 200 naciones miembros, pero con un contexto muy diferente al de posguerra, por lo que distintos especialistas vienen proponiendo y promoviendo su renovaci\u00f3n hace d\u00e9cadas.<br><a href=\"https:\/\/acercandonaciones.com\/una-ruta-de-paz-en-la-era-del-pacifico-14022021__1b2qD48vw9\">https:\/\/acercandonaciones.com\/una-ruta-de-paz-en-la-era-del-pacifico-14022021__1b2qD48vw9<\/a><\/p>\n","protected":false},"featured_media":5346,"parent":0,"template":"","eventos_categoria":[],"class_list":["post-4156","eventos","type-eventos","status-publish","has-post-thumbnail","hentry"],"blocksy_meta":{"styles_descriptor":{"styles":{"desktop":"","tablet":"","mobile":""},"google_fonts":[],"version":6}},"_links":{"self":[{"href":"https:\/\/ong.acercandonaciones.com\/index.php\/wp-json\/wp\/v2\/eventos\/4156","targetHints":{"allow":["GET"]}}],"collection":[{"href":"https:\/\/ong.acercandonaciones.com\/index.php\/wp-json\/wp\/v2\/eventos"}],"about":[{"href":"https:\/\/ong.acercandonaciones.com\/index.php\/wp-json\/wp\/v2\/types\/eventos"}],"wp:featuredmedia":[{"embeddable":true,"href":"https:\/\/ong.acercandonaciones.com\/index.php\/wp-json\/wp\/v2\/media\/5346"}],"wp:attachment":[{"href":"https:\/\/ong.acercandonaciones.com\/index.php\/wp-json\/wp\/v2\/media?parent=4156"}],"wp:term":[{"taxonomy":"eventos_categoria","embeddable":true,"href":"https:\/\/ong.acercandonaciones.com\/index.php\/wp-json\/wp\/v2\/eventos_categoria?post=4156"}],"curies":[{"name":"wp","href":"https:\/\/api.w.org\/{rel}","templated":true}]}}